{"id":10914,"date":"2025-09-26T08:16:54","date_gmt":"2025-09-26T08:16:54","guid":{"rendered":"https:\/\/dermannshop.de\/?post_type=product&#038;p=10914"},"modified":"2026-03-12T20:29:41","modified_gmt":"2026-03-12T20:29:41","slug":"getrocknete-kernlose-schwarze-rosinen-800-g","status":"publish","type":"product","link":"https:\/\/dermannshop.de\/de\/produkt\/getrocknete-kernlose-schwarze-rosinen-800-g\/","title":{"rendered":"Kernlose schwarze gro\u00dfe Trauben 800 g"},"content":{"rendered":"<h2>Kernlose schwarze gro\u00dfe Trauben 800 g<\/h2>\n<p>800 g kernlose schwarze Trauben mit ihrer knackigen Textur und ihrem ausgewogenen Geschmack sind eine hervorragende Erg\u00e4nzung f\u00fcr Ihren t\u00e4glichen Snack. Sie eignen sich ideal zum Genie\u00dfen zu Hause, im B\u00fcro oder wenn Sie G\u00e4ste bewirten.<\/p>\n<h3>Hauptmerkmale<\/h3>\n<ul>\n<li>Geschmacksprofil, geeignet f\u00fcr den t\u00e4glichen Verzehr.<\/li>\n<li>Verwendung von Snacks und S\u00fc\u00dfigkeiten<\/li>\n<li>Verpackung mit Fokus auf Frische.<\/li>\n<\/ul>\n<h3>Verzehrsempfehlung<\/h3>\n<p>Man kann es pur genie\u00dfen; man kann es aber auch zu einem besseren Geschmackserlebnis kombinieren, zum Beispiel mit Trockenfr\u00fcchten, K\u00e4se und hei\u00dfen Getr\u00e4nken.<\/p>\n<h3>Lagerungsempfehlung<\/h3>\n<p>Es wird empfohlen, das Produkt an einem k\u00fchlen, trockenen Ort ohne Sonnenlicht und in verschlossener Verpackung aufzubewahren.<\/p>","protected":false},"excerpt":{"rendered":"<p><strong>Kernlose schwarze gro\u00dfe Trauben 800 g<\/strong>Es bietet einen knusprigen und ausgewogenen Geschmack f\u00fcr den t\u00e4glichen Snackbedarf. Ob zu Hause, im B\u00fcro oder beim Bewirten von G\u00e4sten \u2013 es ist immer eine gute Wahl.<\/p>","protected":false},"featured_media":11311,"comment_status":"open","ping_status":"closed","template":"","meta":[],"product_brand":[],"product_cat":[130],"product_tag":[],"class_list":{"0":"post-10914","1":"product","2":"type-product","3":"status-publish","4":"has-post-thumbnail","6":"product_cat-kurutulmus-meyveler","8":"first","9":"instock","10":"shipping-taxable","11":"purchasable","12":"product-type-simple"},"_links":{"self":[{"href":"https:\/\/dermannshop.de\/de\/wp-json\/wp\/v2\/product\/10914","targetHints":{"allow":["GET"]}}],"collection":[{"href":"https:\/\/dermannshop.de\/de\/wp-json\/wp\/v2\/product"}],"about":[{"href":"https:\/\/dermannshop.de\/de\/wp-json\/wp\/v2\/types\/product"}],"replies":[{"embeddable":true,"href":"https:\/\/dermannshop.de\/de\/wp-json\/wp\/v2\/comments?post=10914"}],"version-history":[{"count":6,"href":"https:\/\/dermannshop.de\/de\/wp-json\/wp\/v2\/product\/10914\/revisions"}],"predecessor-version":[{"id":13223,"href":"https:\/\/dermannshop.de\/de\/wp-json\/wp\/v2\/product\/10914\/revisions\/13223"}],"wp:featuredmedia":[{"embeddable":true,"href":"https:\/\/dermannshop.de\/de\/wp-json\/wp\/v2\/media\/11311"}],"wp:attachment":[{"href":"https:\/\/dermannshop.de\/de\/wp-json\/wp\/v2\/media?parent=10914"}],"wp:term":[{"taxonomy":"product_brand","embeddable":true,"href":"https:\/\/dermannshop.de\/de\/wp-json\/wp\/v2\/product_brand?post=10914"},{"taxonomy":"product_cat","embeddable":true,"href":"https:\/\/dermannshop.de\/de\/wp-json\/wp\/v2\/product_cat?post=10914"},{"taxonomy":"product_tag","embeddable":true,"href":"https:\/\/dermannshop.de\/de\/wp-json\/wp\/v2\/product_tag?post=10914"}],"curies":[{"name":"wp","href":"https:\/\/api.w.org\/{rel}","templated":true}]}}